{"id":248,"date":"2015-04-21T00:01:44","date_gmt":"2015-04-15T17:07:31","guid":{"rendered":"http:\/\/combetabeillon.ch\/2015\/galerie\/1er-etage-2\/"},"modified":"2024-05-26T17:26:34","modified_gmt":"2024-05-26T15:26:34","slug":"exterieurs","status":"publish","type":"page","link":"https:\/\/www.combetabeillon.ch\/de\/galerie\/exterieurs\/","title":{"rendered":"Aussenbereich"},"content":{"rendered":"<p>Draussen gibt es einen Platz mit breiten Tischen, einer P\u00e9tanque-Feld, einem Foyer, einem Holzschuppen und die umgebende Natur.<\/p>\n<div class=\"tiled-gallery type-rectangular tiled-gallery-unresized\" data-original-width=\"648\" data-carousel-extra='{&quot;blog_id&quot;:1,&quot;permalink&quot;:&quot;https:\\\/\\\/www.combetabeillon.ch\\\/de\\\/galerie\\\/exterieurs\\\/&quot;,&quot;likes_blog_id&quot;:89442978}' itemscope itemtype=\"http:\/\/schema.org\/ImageGallery\" > <div class=\"gallery-row\" style=\"width: 648px; height: 325px;\" data-original-width=\"648\" data-original-height=\"325\" > <div class=\"gallery-group images-1\" style=\"width: 432px; height: 325px;\" data-original-width=\"432\" data-original-height=\"325\" > <div class=\"tiled-gallery-item tiled-gallery-item-large\" itemprop=\"associatedMedia\" itemscope itemtype=\"http:\/\/schema.org\/ImageObject\"> <a href=\"https:\/\/www.combetabeillon.ch\/de\/combe13\/\" border=\"0\" itemprop=\"url\"> <meta itemprop=\"width\" content=\"428\"> <meta itemprop=\"height\" content=\"321\"> <img decoding=\"async\" class=\"\" data-attachment-id=\"239\" data-orig-file=\"https:\/\/www.combetabeillon.ch\/2015\/wp-content\/uploads\/combe13.jpg\" data-orig-size=\"1024,768\" data-comments-opened=\"\" data-image-title=\"Vue sur l&amp;#8217;\u00e9tang et la Combe Tabeillon\" data-image-description=\"\" data-medium-file=\"https:\/\/i0.wp.com\/www.combetabeillon.ch\/2015\/wp-content\/uploads\/combe13.jpg?fit=300%2C225&#038;ssl=1\" data-large-file=\"https:\/\/i0.wp.com\/www.combetabeillon.ch\/2015\/wp-content\/uploads\/combe13.jpg?fit=648%2C486&#038;ssl=1\" src=\"https:\/\/i0.wp.com\/www.combetabeillon.ch\/2015\/wp-content\/uploads\/combe13.jpg?w=428&#038;h=321&#038;ssl=1\" srcset=\"https:\/\/i0.wp.com\/www.combetabeillon.ch\/2015\/wp-content\/uploads\/combe13.jpg?w=1024&amp;ssl=1 1024w, https:\/\/i0.wp.com\/www.combetabeillon.ch\/2015\/wp-content\/uploads\/combe13.jpg?resize=300%2C225&amp;ssl=1 300w\" width=\"428\" height=\"321\" loading=\"lazy\" data-original-width=\"428\" data-original-height=\"321\" itemprop=\"http:\/\/schema.org\/image\" title=\"Vue sur l&#039;\u00e9tang et la Combe Tabeillon\" alt=\"Vue sur l&#039;\u00e9tang et la Combe Tabeillon\" style=\"width: 428px; height: 321px;\" \/> <\/a> <div class=\"tiled-gallery-caption\" itemprop=\"caption description\"> Vue sur l&#8217;\u00e9tang et la Combe Tabeillon <\/div> <\/div> <\/div> <!-- close group --> <div class=\"gallery-group images-2\" style=\"width: 216px; height: 325px;\" data-original-width=\"216\" data-original-height=\"325\" > <div class=\"tiled-gallery-item tiled-gallery-item-small\" itemprop=\"associatedMedia\" itemscope itemtype=\"http:\/\/schema.org\/ImageObject\"> <a href=\"https:\/\/www.combetabeillon.ch\/de\/combe1\/\" border=\"0\" itemprop=\"url\"> <meta itemprop=\"width\" content=\"212\"> <meta itemprop=\"height\" content=\"159\"> <img decoding=\"async\" class=\"\" data-attachment-id=\"241\" data-orig-file=\"https:\/\/www.combetabeillon.ch\/2015\/wp-content\/uploads\/combe1.jpg\" data-orig-size=\"1024,768\" data-comments-opened=\"\" data-image-title=\"Piste de p\u00e9tanque\" data-image-description=\"\" data-medium-file=\"https:\/\/i0.wp.com\/www.combetabeillon.ch\/2015\/wp-content\/uploads\/combe1.jpg?fit=300%2C225&#038;ssl=1\" data-large-file=\"https:\/\/i0.wp.com\/www.combetabeillon.ch\/2015\/wp-content\/uploads\/combe1.jpg?fit=648%2C486&#038;ssl=1\" src=\"https:\/\/i0.wp.com\/www.combetabeillon.ch\/2015\/wp-content\/uploads\/combe1.jpg?w=212&#038;h=159&#038;ssl=1\" srcset=\"https:\/\/i0.wp.com\/www.combetabeillon.ch\/2015\/wp-content\/uploads\/combe1.jpg?w=1024&amp;ssl=1 1024w, https:\/\/i0.wp.com\/www.combetabeillon.ch\/2015\/wp-content\/uploads\/combe1.jpg?resize=300%2C225&amp;ssl=1 300w\" width=\"212\" height=\"159\" loading=\"lazy\" data-original-width=\"212\" data-original-height=\"159\" itemprop=\"http:\/\/schema.org\/image\" title=\"Piste de p\u00e9tanque\" alt=\"Piste de p\u00e9tanque\" style=\"width: 212px; height: 159px;\" \/> <\/a> <div class=\"tiled-gallery-caption\" itemprop=\"caption description\"> Piste de p\u00e9tanque <\/div> <\/div> <div class=\"tiled-gallery-item tiled-gallery-item-small\" itemprop=\"associatedMedia\" itemscope itemtype=\"http:\/\/schema.org\/ImageObject\"> <a href=\"https:\/\/www.combetabeillon.ch\/de\/20220702_113744\/\" border=\"0\" itemprop=\"url\"> <meta itemprop=\"width\" content=\"212\"> <meta itemprop=\"height\" content=\"158\"> <img decoding=\"async\" class=\"\" data-attachment-id=\"2317\" data-orig-file=\"https:\/\/www.combetabeillon.ch\/2015\/wp-content\/uploads\/20220702_113744-scaled.jpg\" data-orig-size=\"2560,1920\" data-comments-opened=\"\" data-image-title=\"Neuer Grill neben dem Dachboden\" data-image-description=\"\" data-medium-file=\"https:\/\/i0.wp.com\/www.combetabeillon.ch\/2015\/wp-content\/uploads\/20220702_113744-scaled.jpg?fit=300%2C225&#038;ssl=1\" data-large-file=\"https:\/\/i0.wp.com\/www.combetabeillon.ch\/2015\/wp-content\/uploads\/20220702_113744-scaled.jpg?fit=648%2C486&#038;ssl=1\" src=\"https:\/\/i0.wp.com\/www.combetabeillon.ch\/2015\/wp-content\/uploads\/20220702_113744-scaled.jpg?w=212&#038;h=158&#038;ssl=1\" srcset=\"https:\/\/i0.wp.com\/www.combetabeillon.ch\/2015\/wp-content\/uploads\/20220702_113744-scaled.jpg?w=2560&amp;ssl=1 2560w, https:\/\/i0.wp.com\/www.combetabeillon.ch\/2015\/wp-content\/uploads\/20220702_113744-scaled.jpg?resize=300%2C225&amp;ssl=1 300w, https:\/\/i0.wp.com\/www.combetabeillon.ch\/2015\/wp-content\/uploads\/20220702_113744-scaled.jpg?resize=1024%2C768&amp;ssl=1 1024w, https:\/\/i0.wp.com\/www.combetabeillon.ch\/2015\/wp-content\/uploads\/20220702_113744-scaled.jpg?resize=768%2C576&amp;ssl=1 768w, https:\/\/i0.wp.com\/www.combetabeillon.ch\/2015\/wp-content\/uploads\/20220702_113744-scaled.jpg?resize=1536%2C1152&amp;ssl=1 1536w, https:\/\/i0.wp.com\/www.combetabeillon.ch\/2015\/wp-content\/uploads\/20220702_113744-scaled.jpg?resize=2048%2C1536&amp;ssl=1 2048w, https:\/\/i0.wp.com\/www.combetabeillon.ch\/2015\/wp-content\/uploads\/20220702_113744-scaled.jpg?w=1296 1296w, https:\/\/i0.wp.com\/www.combetabeillon.ch\/2015\/wp-content\/uploads\/20220702_113744-scaled.jpg?w=1944 1944w\" width=\"212\" height=\"158\" loading=\"lazy\" data-original-width=\"212\" data-original-height=\"158\" itemprop=\"http:\/\/schema.org\/image\" title=\"Neuer Grill neben dem Dachboden\" alt=\"Neuer Grill neben dem Dachboden\" style=\"width: 212px; height: 158px;\" \/> <\/a> <div class=\"tiled-gallery-caption\" itemprop=\"caption description\"> Neuer Grill neben dem Dachboden <\/div> <\/div> <\/div> <!-- close group --> <\/div> <!-- close row --> <div class=\"gallery-row\" style=\"width: 648px; height: 244px;\" data-original-width=\"648\" data-original-height=\"244\" > <div class=\"gallery-group images-1\" style=\"width: 324px; height: 244px;\" data-original-width=\"324\" data-original-height=\"244\" > <div class=\"tiled-gallery-item tiled-gallery-item-large\" itemprop=\"associatedMedia\" itemscope itemtype=\"http:\/\/schema.org\/ImageObject\"> <a href=\"https:\/\/www.combetabeillon.ch\/de\/img_20190629_085953\/\" border=\"0\" itemprop=\"url\"> <meta itemprop=\"width\" content=\"320\"> <meta itemprop=\"height\" content=\"240\"> <img decoding=\"async\" class=\"\" data-attachment-id=\"2320\" data-orig-file=\"https:\/\/www.combetabeillon.ch\/2015\/wp-content\/uploads\/IMG_20190629_085953.jpg\" data-orig-size=\"2560,1920\" data-comments-opened=\"\" data-image-title=\"Au\u00dfengrill\" data-image-description=\"\" data-medium-file=\"https:\/\/i0.wp.com\/www.combetabeillon.ch\/2015\/wp-content\/uploads\/IMG_20190629_085953.jpg?fit=300%2C225&#038;ssl=1\" data-large-file=\"https:\/\/i0.wp.com\/www.combetabeillon.ch\/2015\/wp-content\/uploads\/IMG_20190629_085953.jpg?fit=648%2C486&#038;ssl=1\" src=\"https:\/\/i0.wp.com\/www.combetabeillon.ch\/2015\/wp-content\/uploads\/IMG_20190629_085953.jpg?w=320&#038;h=240&#038;ssl=1\" srcset=\"https:\/\/i0.wp.com\/www.combetabeillon.ch\/2015\/wp-content\/uploads\/IMG_20190629_085953.jpg?w=2560&amp;ssl=1 2560w, https:\/\/i0.wp.com\/www.combetabeillon.ch\/2015\/wp-content\/uploads\/IMG_20190629_085953.jpg?resize=300%2C225&amp;ssl=1 300w, https:\/\/i0.wp.com\/www.combetabeillon.ch\/2015\/wp-content\/uploads\/IMG_20190629_085953.jpg?resize=1024%2C768&amp;ssl=1 1024w, https:\/\/i0.wp.com\/www.combetabeillon.ch\/2015\/wp-content\/uploads\/IMG_20190629_085953.jpg?resize=768%2C576&amp;ssl=1 768w, https:\/\/i0.wp.com\/www.combetabeillon.ch\/2015\/wp-content\/uploads\/IMG_20190629_085953.jpg?resize=1536%2C1152&amp;ssl=1 1536w, https:\/\/i0.wp.com\/www.combetabeillon.ch\/2015\/wp-content\/uploads\/IMG_20190629_085953.jpg?resize=2048%2C1536&amp;ssl=1 2048w, https:\/\/i0.wp.com\/www.combetabeillon.ch\/2015\/wp-content\/uploads\/IMG_20190629_085953.jpg?w=1296 1296w, https:\/\/i0.wp.com\/www.combetabeillon.ch\/2015\/wp-content\/uploads\/IMG_20190629_085953.jpg?w=1944 1944w\" width=\"320\" height=\"240\" loading=\"lazy\" data-original-width=\"320\" data-original-height=\"240\" itemprop=\"http:\/\/schema.org\/image\" title=\"Au\u00dfengrill\" alt=\"Au\u00dfengrill\" style=\"width: 320px; height: 240px;\" \/> <\/a> <div class=\"tiled-gallery-caption\" itemprop=\"caption description\"> Au\u00dfengrill <\/div> <\/div> <\/div> <!-- close group --> <div class=\"gallery-group images-1\" style=\"width: 324px; height: 244px;\" data-original-width=\"324\" data-original-height=\"244\" > <div class=\"tiled-gallery-item tiled-gallery-item-large\" itemprop=\"associatedMedia\" itemscope itemtype=\"http:\/\/schema.org\/ImageObject\"> <a href=\"https:\/\/www.combetabeillon.ch\/de\/20240504_095230\/\" border=\"0\" itemprop=\"url\"> <meta itemprop=\"width\" content=\"320\"> <meta itemprop=\"height\" content=\"240\"> <img decoding=\"async\" class=\"\" data-attachment-id=\"2318\" data-orig-file=\"https:\/\/www.combetabeillon.ch\/2015\/wp-content\/uploads\/20240504_095230-scaled.jpg\" data-orig-size=\"2560,1920\" data-comments-opened=\"\" data-image-title=\"Grill &amp;#8211; Feuerstelle und Spie\u00df\" data-image-description=\"\" data-medium-file=\"https:\/\/i0.wp.com\/www.combetabeillon.ch\/2015\/wp-content\/uploads\/20240504_095230-scaled.jpg?fit=300%2C225&#038;ssl=1\" data-large-file=\"https:\/\/i0.wp.com\/www.combetabeillon.ch\/2015\/wp-content\/uploads\/20240504_095230-scaled.jpg?fit=648%2C486&#038;ssl=1\" src=\"https:\/\/i0.wp.com\/www.combetabeillon.ch\/2015\/wp-content\/uploads\/20240504_095230-scaled.jpg?w=320&#038;h=240&#038;ssl=1\" srcset=\"https:\/\/i0.wp.com\/www.combetabeillon.ch\/2015\/wp-content\/uploads\/20240504_095230-scaled.jpg?w=2560&amp;ssl=1 2560w, https:\/\/i0.wp.com\/www.combetabeillon.ch\/2015\/wp-content\/uploads\/20240504_095230-scaled.jpg?resize=300%2C225&amp;ssl=1 300w, https:\/\/i0.wp.com\/www.combetabeillon.ch\/2015\/wp-content\/uploads\/20240504_095230-scaled.jpg?resize=1024%2C768&amp;ssl=1 1024w, https:\/\/i0.wp.com\/www.combetabeillon.ch\/2015\/wp-content\/uploads\/20240504_095230-scaled.jpg?resize=768%2C576&amp;ssl=1 768w, https:\/\/i0.wp.com\/www.combetabeillon.ch\/2015\/wp-content\/uploads\/20240504_095230-scaled.jpg?resize=1536%2C1152&amp;ssl=1 1536w, https:\/\/i0.wp.com\/www.combetabeillon.ch\/2015\/wp-content\/uploads\/20240504_095230-scaled.jpg?resize=2048%2C1536&amp;ssl=1 2048w, https:\/\/i0.wp.com\/www.combetabeillon.ch\/2015\/wp-content\/uploads\/20240504_095230-scaled.jpg?w=1296 1296w, https:\/\/i0.wp.com\/www.combetabeillon.ch\/2015\/wp-content\/uploads\/20240504_095230-scaled.jpg?w=1944 1944w\" width=\"320\" height=\"240\" loading=\"lazy\" data-original-width=\"320\" data-original-height=\"240\" itemprop=\"http:\/\/schema.org\/image\" title=\"Grill - Feuerstelle und Spie\u00df\" alt=\"Grill - Feuerstelle und Spie\u00df\" style=\"width: 320px; height: 240px;\" \/> <\/a> <div class=\"tiled-gallery-caption\" itemprop=\"caption description\"> Grill &#8211; Feuerstelle und Spie\u00df <\/div> <\/div> <\/div> <!-- close group --> <\/div> <!-- close row --> <\/div>\n<p><\/p>","protected":false},"excerpt":{"rendered":"<p>Draussen gibt es einen Platz mit breiten Tischen, einer P\u00e9tanque-Feld, einem Foyer, einem Holzschuppen und die umgebende Natur.<\/p>\n","protected":false},"author":1,"featured_media":0,"parent":99,"menu_order":3,"comment_status":"closed","ping_status":"closed","template":"page-fullwidth.php","meta":{"footnotes":""},"class_list":["post-248","page","type-page","status-publish","hentry"],"yoast_head":"<!-- This site is optimized with the Yoast SEO plugin v28.1 - https:\/\/yoast.com\/product\/yoast-seo-wordpress\/ -->\n<title>Photos des ext\u00e9rieurs avec tables, foyer et piste de p\u00e9tanque<\/title>\n<meta name=\"description\" content=\"Galerie photo des ext\u00e9rieurs de la ferme de la Combe Tabeillon avec sa place et ses tables, la piste de p\u00e9tanque, le foyer pour les flamb\u00e9es et le b\u00fbcher.\" \/>\n<meta name=\"robots\" content=\"index, follow, max-snippet:-1, max-image-preview:large, max-video-preview:-1\" \/>\n<link rel=\"canonical\" href=\"https:\/\/www.combetabeillon.ch\/galerie\/exterieurs\/\" \/>\n<meta property=\"og:locale\" content=\"de_DE\" \/>\n<meta property=\"og:type\" content=\"article\" \/>\n<meta property=\"og:title\" content=\"Photos des ext\u00e9rieurs avec tables, foyer et piste de p\u00e9tanque\" \/>\n<meta property=\"og:description\" content=\"Galerie photo des ext\u00e9rieurs de la ferme de la Combe Tabeillon avec sa place et ses tables, la piste de p\u00e9tanque, le foyer pour les flamb\u00e9es et le b\u00fbcher.\" \/>\n<meta property=\"og:url\" content=\"https:\/\/www.combetabeillon.ch\/galerie\/exterieurs\/\" \/>\n<meta property=\"og:site_name\" content=\"Baurnhof der Combe Tabeillon\" \/>\n<meta property=\"article:modified_time\" content=\"2024-05-26T15:26:34+00:00\" \/>\n<meta property=\"og:image\" content=\"https:\/\/i0.wp.com\/www.combetabeillon.ch\/2015\/wp-content\/uploads\/combe13.jpg?w=668&#038;h=501&#038;ssl=1\" \/>\n<meta name=\"twitter:label1\" content=\"Gesch\u00e4tzte Lesezeit\" \/>\n\t<meta name=\"twitter:data1\" content=\"1\u00a0Minute\" \/>\n<script type=\"application\/ld+json\" class=\"yoast-schema-graph\">{\"@context\":\"https:\\\/\\\/schema.org\",\"@graph\":[{\"@type\":\"WebPage\",\"@id\":\"https:\\\/\\\/www.combetabeillon.ch\\\/galerie\\\/exterieurs\\\/\",\"url\":\"https:\\\/\\\/www.combetabeillon.ch\\\/galerie\\\/exterieurs\\\/\",\"name\":\"Photos des ext\u00e9rieurs avec tables, foyer et piste de p\u00e9tanque\",\"isPartOf\":{\"@id\":\"https:\\\/\\\/www.combetabeillon.ch\\\/#website\"},\"datePublished\":\"2015-04-15T17:07:31+00:00\",\"dateModified\":\"2024-05-26T15:26:34+00:00\",\"description\":\"Galerie photo des ext\u00e9rieurs de la ferme de la Combe Tabeillon avec sa place et ses tables, la piste de p\u00e9tanque, le foyer pour les flamb\u00e9es et le b\u00fbcher.\",\"breadcrumb\":{\"@id\":\"https:\\\/\\\/www.combetabeillon.ch\\\/galerie\\\/exterieurs\\\/#breadcrumb\"},\"inLanguage\":\"de\",\"potentialAction\":[{\"@type\":\"ReadAction\",\"target\":[\"https:\\\/\\\/www.combetabeillon.ch\\\/galerie\\\/exterieurs\\\/\"]}]},{\"@type\":\"BreadcrumbList\",\"@id\":\"https:\\\/\\\/www.combetabeillon.ch\\\/galerie\\\/exterieurs\\\/#breadcrumb\",\"itemListElement\":[{\"@type\":\"ListItem\",\"position\":1,\"name\":\"Accueil\",\"item\":\"https:\\\/\\\/www.combetabeillon.ch\\\/\"},{\"@type\":\"ListItem\",\"position\":2,\"name\":\"Galerie\",\"item\":\"https:\\\/\\\/www.combetabeillon.ch\\\/galerie\\\/\"},{\"@type\":\"ListItem\",\"position\":3,\"name\":\"Ext\u00e9rieurs\"}]},{\"@type\":\"WebSite\",\"@id\":\"https:\\\/\\\/www.combetabeillon.ch\\\/#website\",\"url\":\"https:\\\/\\\/www.combetabeillon.ch\\\/\",\"name\":\"Baurnhof der Combe Tabeillon\",\"description\":\"\",\"potentialAction\":[{\"@type\":\"SearchAction\",\"target\":{\"@type\":\"EntryPoint\",\"urlTemplate\":\"https:\\\/\\\/www.combetabeillon.ch\\\/?s={search_term_string}\"},\"query-input\":{\"@type\":\"PropertyValueSpecification\",\"valueRequired\":true,\"valueName\":\"search_term_string\"}}],\"inLanguage\":\"de\"}]}<\/script>\n<!-- \/ Yoast SEO plugin. -->","yoast_head_json":{"title":"Photos des ext\u00e9rieurs avec tables, foyer et piste de p\u00e9tanque","description":"Galerie photo des ext\u00e9rieurs de la ferme de la Combe Tabeillon avec sa place et ses tables, la piste de p\u00e9tanque, le foyer pour les flamb\u00e9es et le b\u00fbcher.","robots":{"index":"index","follow":"follow","max-snippet":"max-snippet:-1","max-image-preview":"max-image-preview:large","max-video-preview":"max-video-preview:-1"},"canonical":"https:\/\/www.combetabeillon.ch\/galerie\/exterieurs\/","og_locale":"de_DE","og_type":"article","og_title":"Photos des ext\u00e9rieurs avec tables, foyer et piste de p\u00e9tanque","og_description":"Galerie photo des ext\u00e9rieurs de la ferme de la Combe Tabeillon avec sa place et ses tables, la piste de p\u00e9tanque, le foyer pour les flamb\u00e9es et le b\u00fbcher.","og_url":"https:\/\/www.combetabeillon.ch\/galerie\/exterieurs\/","og_site_name":"Baurnhof der Combe Tabeillon","article_modified_time":"2024-05-26T15:26:34+00:00","og_image":[{"url":"https:\/\/i0.wp.com\/www.combetabeillon.ch\/2015\/wp-content\/uploads\/combe13.jpg?w=668&#038;h=501&#038;ssl=1","type":"","width":"","height":""}],"twitter_misc":{"Gesch\u00e4tzte Lesezeit":"1\u00a0Minute"},"schema":{"@context":"https:\/\/schema.org","@graph":[{"@type":"WebPage","@id":"https:\/\/www.combetabeillon.ch\/galerie\/exterieurs\/","url":"https:\/\/www.combetabeillon.ch\/galerie\/exterieurs\/","name":"Photos des ext\u00e9rieurs avec tables, foyer et piste de p\u00e9tanque","isPartOf":{"@id":"https:\/\/www.combetabeillon.ch\/#website"},"datePublished":"2015-04-15T17:07:31+00:00","dateModified":"2024-05-26T15:26:34+00:00","description":"Galerie photo des ext\u00e9rieurs de la ferme de la Combe Tabeillon avec sa place et ses tables, la piste de p\u00e9tanque, le foyer pour les flamb\u00e9es et le b\u00fbcher.","breadcrumb":{"@id":"https:\/\/www.combetabeillon.ch\/galerie\/exterieurs\/#breadcrumb"},"inLanguage":"de","potentialAction":[{"@type":"ReadAction","target":["https:\/\/www.combetabeillon.ch\/galerie\/exterieurs\/"]}]},{"@type":"BreadcrumbList","@id":"https:\/\/www.combetabeillon.ch\/galerie\/exterieurs\/#breadcrumb","itemListElement":[{"@type":"ListItem","position":1,"name":"Accueil","item":"https:\/\/www.combetabeillon.ch\/"},{"@type":"ListItem","position":2,"name":"Galerie","item":"https:\/\/www.combetabeillon.ch\/galerie\/"},{"@type":"ListItem","position":3,"name":"Ext\u00e9rieurs"}]},{"@type":"WebSite","@id":"https:\/\/www.combetabeillon.ch\/#website","url":"https:\/\/www.combetabeillon.ch\/","name":"Baurnhof der Combe Tabeillon","description":"","potentialAction":[{"@type":"SearchAction","target":{"@type":"EntryPoint","urlTemplate":"https:\/\/www.combetabeillon.ch\/?s={search_term_string}"},"query-input":{"@type":"PropertyValueSpecification","valueRequired":true,"valueName":"search_term_string"}}],"inLanguage":"de"}]}},"jetpack_sharing_enabled":true,"_links":{"self":[{"href":"https:\/\/www.combetabeillon.ch\/de\/wp-json\/wp\/v2\/pages\/248","targetHints":{"allow":["GET"]}}],"collection":[{"href":"https:\/\/www.combetabeillon.ch\/de\/wp-json\/wp\/v2\/pages"}],"about":[{"href":"https:\/\/www.combetabeillon.ch\/de\/wp-json\/wp\/v2\/types\/page"}],"author":[{"embeddable":true,"href":"https:\/\/www.combetabeillon.ch\/de\/wp-json\/wp\/v2\/users\/1"}],"replies":[{"embeddable":true,"href":"https:\/\/www.combetabeillon.ch\/de\/wp-json\/wp\/v2\/comments?post=248"}],"version-history":[{"count":5,"href":"https:\/\/www.combetabeillon.ch\/de\/wp-json\/wp\/v2\/pages\/248\/revisions"}],"predecessor-version":[{"id":2324,"href":"https:\/\/www.combetabeillon.ch\/de\/wp-json\/wp\/v2\/pages\/248\/revisions\/2324"}],"up":[{"embeddable":true,"href":"https:\/\/www.combetabeillon.ch\/de\/wp-json\/wp\/v2\/pages\/99"}],"wp:attachment":[{"href":"https:\/\/www.combetabeillon.ch\/de\/wp-json\/wp\/v2\/media?parent=248"}],"curies":[{"name":"wp","href":"https:\/\/api.w.org\/{rel}","templated":true}]}}