{"id":2,"date":"2015-02-19T04:39:32","date_gmt":"2015-02-19T04:39:33","guid":{"rendered":"http:\/\/localhost:8080\/wordpress-4.1.1\/wordpress\/?page_id=2"},"modified":"2019-05-20T09:12:05","modified_gmt":"2019-05-20T07:12:05","slug":"sample-page","status":"publish","type":"page","link":"http:\/\/www.combetabeillon.ch\/de\/","title":{"rendered":"Herzlich wilkommen bei &#8222;Ferme de la Combe Tabeillon&#8220;!"},"content":{"rendered":"<p>Unsere Gruppenunterkunft liegt\u00a0 in Glovelier im Kanton Jura 15km von Del\u00e9mont entfernt auf 600 m.\u00fc.M im Herzen eines wilden Tales. Die Flora und Fauna ist ausserordentlich vielf\u00e4ltig.<\/p>\n<figure id=\"attachment_162\" class=\"thumbnail wp-caption alignright\" style=\"width: 288px\"><img data-attachment-id=\"162\" data-permalink=\"http:\/\/www.combetabeillon.ch\/de\/sample-page\/vuesdensemble02-2\/\" data-orig-file=\"https:\/\/i0.wp.com\/www.combetabeillon.ch\/2015\/wp-content\/uploads\/vuesdensemble021-e1429190265136.jpg?fit=537%2C579\" data-orig-size=\"537,579\" data-comments-opened=\"0\" data-image-meta=\"{&quot;aperture&quot;:&quot;5.6&quot;,&quot;credit&quot;:&quot;&quot;,&quot;camera&quot;:&quot;Canon PowerShot G2&quot;,&quot;caption&quot;:&quot;&quot;,&quot;created_timestamp&quot;:&quot;1126792765&quot;,&quot;copyright&quot;:&quot;&quot;,&quot;focal_length&quot;:&quot;7&quot;,&quot;iso&quot;:&quot;0&quot;,&quot;shutter_speed&quot;:&quot;0.0015625&quot;,&quot;title&quot;:&quot;&quot;,&quot;orientation&quot;:&quot;1&quot;}\" data-image-title=\"Ferme de la Combe Tabeillon\" data-image-description=\"\" data-image-caption=\"&lt;p&gt;Ferme de la Combe Tabeillon&lt;\/p&gt;\n\" data-medium-file=\"https:\/\/i0.wp.com\/www.combetabeillon.ch\/2015\/wp-content\/uploads\/vuesdensemble021-e1429190265136.jpg?fit=278%2C300\" data-large-file=\"https:\/\/i0.wp.com\/www.combetabeillon.ch\/2015\/wp-content\/uploads\/vuesdensemble021-e1429190265136.jpg?fit=537%2C579\" decoding=\"async\" loading=\"lazy\" class=\"wp-image-162 size-medium\" src=\"https:\/\/i0.wp.com\/www.combetabeillon.ch\/2015\/wp-content\/uploads\/vuesdensemble021-e1429190265136-278x300.jpg?resize=278%2C300\" alt=\"Der Bauernhof der Combe Tabeillon\" width=\"278\" height=\"300\" srcset=\"https:\/\/i0.wp.com\/www.combetabeillon.ch\/2015\/wp-content\/uploads\/vuesdensemble021-e1429190265136.jpg?resize=278%2C300 278w, https:\/\/i0.wp.com\/www.combetabeillon.ch\/2015\/wp-content\/uploads\/vuesdensemble021-e1429190265136.jpg?w=537 537w\" sizes=\"(max-width: 278px) 100vw, 278px\" data-recalc-dims=\"1\" \/><figcaption class=\"caption wp-caption-text\">Der Bauernhof der Combe Tabeillon<\/figcaption><\/figure>\n<p>Nahe an einem Teich und dem Fluss Tabeillon gelegen, bietet der liebevoll renovierte Bauernhof einen <a href=\"http:\/\/www.combetabeillon.ch\/galerie\/vues-generales\/\">ruhigen und angenehmen Rahmen<\/a> f\u00fcr Schullager, Wochenendausfl\u00fcge von Gruppen und (Familien-)feste.<\/p>\n<p>Im\u00a0<a href=\"http:\/\/www.combetabeillon.ch\/galerie\/rez-de-chaussee\/\">Erdgeschoss<\/a> gerade beim Eingang empf\u00e4ngt Sie ein eindr\u00fccklicher Kamin. Eine Profi-K\u00fcche und ein Saal f\u00fcr 50 Personen bieten Platz f\u00fcr kleine und auch grosse Gruppen. Im <a href=\"http:\/\/www.combetabeillon.ch\/galerie\/1er-etage\/\">ersten Stock<\/a>\u00a0hat\u00a0es 2 Gruppenunterk\u00fcnfte mit 12 Pl\u00e4tze und ein Zimmer f\u00fcr 6 Personen.<\/p>\n<p><a href=\"http:\/\/www.combetabeillon.ch\/galerie\/exterieurs\/\">Draussen<\/a>\u00a0steht ein Spielplatz, eine P\u00e9tanque-Feld,\u00a0eine\u00a0 \u00fcberdachte Terasse und ein Grillplatz zur Verf\u00fcgung .<\/p>\n<p>Die Combe Tabeillon ist ein Ausgangspunkt f\u00fcr zahlreiche <a href=\"http:\/\/www.combetabeillon.ch\/musees\/\">kulturelle<\/a>\u00a0und <a href=\"http:\/\/www.combetabeillon.ch\/activites-de-plein-air\/\">sportliche<\/a>\u00a0Aktivt\u00e4ten sowie f\u00fcr <a href=\"http:\/\/www.combetabeillon.ch\/visites-ecotouristiques\/\">Naturaktivit\u00e4ten<\/a>.<\/p>\n<p>\u00a0<\/p>\n\n\n<h2> Virtuelle Besichtigung des Bauernhofes<\/h2>\n\n\n\n<div class=\"wp-block-fv-player-gutenberg-basic\"><div id=\"wpfp_3e54f9da407c271b5e1f39a8da26a0e2\" data-item=\"{&quot;sources&quot;:[{&quot;src&quot;:&quot;http:\\\/\\\/www.combetabeillon.ch\\\/videos\\\/..\\\/videos\\\/film-v5.mp4&quot;,&quot;type&quot;:&quot;video\\\/mp4&quot;},{&quot;src&quot;:&quot;http:\\\/\\\/www.combetabeillon.ch\\\/videos\\\/..\\\/videos\\\/film-v5.webm&quot;,&quot;type&quot;:&quot;video\\\/webm&quot;},{&quot;src&quot;:&quot;http:\\\/\\\/www.combetabeillon.ch\\\/..\\\/videos\\\/film-v5.ogg&quot;,&quot;type&quot;:&quot;audio\\\/ogg&quot;}],&quot;id&quot;:&quot;1&quot;,&quot;splash&quot;:&quot;http:\\\/\\\/www.combetabeillon.ch\\\/videos\\\/..\\\/videos\\\/video.png&quot;}\" class=\"flowplayer no-brand is-splash no-svg is-paused skin-slim fp-slim fp-edgy no-controlbar\" data-fvautoplay=\"-1\" style=\"position:relative; max-width: 640px; max-height: 360px; \" data-ratio=\"0.5625\" data-live=\"true\">\n\t<div class=\"fp-ratio\" style=\"padding-top: 56.25%\"><\/div>\n\t<img class=\"fp-splash\" alt=\"video\" src=\"https:\/\/i0.wp.com\/www.combetabeillon.ch\/videos\/..\/videos\/video.png?w=648\" style=\"position:absolute;top:0;width:100%\" data-recalc-dims=\"1\" \/>\n\t<div class=\"fp-ui\"><noscript>Please enable JavaScript<\/noscript><div class=\"fp-play fp-visible\"><svg class=\"fp-play-sharp-fill\" xmlns=\"http:\/\/www.w3.org\/2000\/svg\" viewBox=\"0 0 100 100\"><defs><style>.fp-color-play{opacity:0.65;}.controlbutton{fill:#fff;}<\/style><\/defs><title>play-sharp-fill<\/title><path class=\"fp-color-play\" d=\"M49.9217-.078a50,50,0,1,0,50,50A50.0564,50.0564,0,0,0,49.9217-.078Z\"\/><polygon class=\"controlbutton\" points=\"73.601 50 37.968 70.573 37.968 29.427 73.601 50\" filter=\"url(#f1)\"\/><\/svg><\/div><div class=\"fp-preload\"><b><\/b><b><\/b><b><\/b><b><\/b><\/div><\/div>\n<div class='fvp-share-bar'><div><a class=\"sharing-link\" href=\"http:\/\/www.combetabeillon.ch\/de\/\" target=\"_blank\">Link<\/a><\/div><\/div>\n<\/div>\n<\/div>\n\n\n\n<p>Wir schlagen keine Besuche vor der Einrichtung eines Mietvertrages. Bei Fragen klicken Sie <a href=\"http:\/\/www.combetabeillon.ch\/de\/contact\/\">hier<\/a>. <\/p>\n\n\n\n<p> <\/p>","protected":false},"excerpt":{"rendered":"<p>Unsere Gruppenunterkunft liegt\u00a0 in Glovelier im Kanton Jura 15km von Del\u00e9mont entfernt auf 600 m.\u00fc.M im Herzen eines wilden Tales. Die Flora und Fauna ist ausserordentlich vielf\u00e4ltig. Nahe an einem Teich und dem Fluss Tabeillon gelegen, bietet der liebevoll renovierte Bauernhof einen ruhigen und angenehmen Rahmen f\u00fcr Schullager, Wochenendausfl\u00fcge von Gruppen und (Familien-)feste. Im\u00a0Erdgeschoss gerade [&hellip;]<\/p>\n","protected":false},"author":1,"featured_media":0,"parent":0,"menu_order":0,"comment_status":"closed","ping_status":"closed","template":"","meta":[],"yoast_head":"<!-- This site is optimized with the Yoast SEO plugin v19.12 - https:\/\/yoast.com\/wordpress\/plugins\/seo\/ -->\n<title>Bienvenue \u00e0 la ferme de la Combe Tabeillon<\/title>\n<meta name=\"description\" content=\"La ferme de la Combe Tabeillon est un h\u00e9bergement collectif situ\u00e9 au c\u0153ur du Jura dans un cadre naturel exceptionnel. Id\u00e9al pour les classes vertes.Farm Combe Tabeillon eine Gruppe Unterkunft im Herzen des Jura in einer nat\u00fcrlichen Umgebung. Ideal f\u00fcr Natur Klassen.\" \/>\n<meta name=\"robots\" content=\"index, follow, max-snippet:-1, max-image-preview:large, max-video-preview:-1\" \/>\n<link rel=\"canonical\" href=\"http:\/\/www.combetabeillon.ch\/\" \/>\n<meta property=\"og:locale\" content=\"de_DE\" \/>\n<meta property=\"og:type\" content=\"article\" \/>\n<meta property=\"og:title\" content=\"Bienvenue \u00e0 la ferme de la Combe Tabeillon\" \/>\n<meta property=\"og:description\" content=\"La ferme de la Combe Tabeillon est un h\u00e9bergement collectif situ\u00e9 au c\u0153ur du Jura dans un cadre naturel exceptionnel. Id\u00e9al pour les classes vertes.Farm Combe Tabeillon eine Gruppe Unterkunft im Herzen des Jura in einer nat\u00fcrlichen Umgebung. Ideal f\u00fcr Natur Klassen.\" \/>\n<meta property=\"og:url\" content=\"http:\/\/www.combetabeillon.ch\/\" \/>\n<meta property=\"og:site_name\" content=\"Baurnhof der Combe Tabeillon\" \/>\n<meta property=\"article:modified_time\" content=\"2019-05-20T07:12:05+00:00\" \/>\n<meta property=\"og:image\" content=\"http:\/\/combetabeillon.ch\/2015\/wp-content\/uploads\/vuesdensemble021-e1429190265136-278x300.jpg\" \/>\n<meta name=\"twitter:label1\" content=\"Gesch\u00e4tzte Lesezeit\" \/>\n\t<meta name=\"twitter:data1\" content=\"2 Minuten\" \/>\n<script type=\"application\/ld+json\" class=\"yoast-schema-graph\">{\"@context\":\"https:\/\/schema.org\",\"@graph\":[{\"@type\":\"WebPage\",\"@id\":\"http:\/\/www.combetabeillon.ch\/\",\"url\":\"http:\/\/www.combetabeillon.ch\/\",\"name\":\"Bienvenue \u00e0 la ferme de la Combe Tabeillon\",\"isPartOf\":{\"@id\":\"http:\/\/www.combetabeillon.ch\/#website\"},\"datePublished\":\"2015-02-19T04:39:33+00:00\",\"dateModified\":\"2019-05-20T07:12:05+00:00\",\"description\":\"La ferme de la Combe Tabeillon est un h\u00e9bergement collectif situ\u00e9 au c\u0153ur du Jura dans un cadre naturel exceptionnel. Id\u00e9al pour les classes vertes.Farm Combe Tabeillon eine Gruppe Unterkunft im Herzen des Jura in einer nat\u00fcrlichen Umgebung. Ideal f\u00fcr Natur Klassen.\",\"breadcrumb\":{\"@id\":\"http:\/\/www.combetabeillon.ch\/#breadcrumb\"},\"inLanguage\":\"de-DE\",\"potentialAction\":[{\"@type\":\"ReadAction\",\"target\":[\"http:\/\/www.combetabeillon.ch\/\"]}]},{\"@type\":\"BreadcrumbList\",\"@id\":\"http:\/\/www.combetabeillon.ch\/#breadcrumb\",\"itemListElement\":[{\"@type\":\"ListItem\",\"position\":1,\"name\":\"Accueil\",\"item\":\"http:\/\/www.combetabeillon.ch\/\"},{\"@type\":\"ListItem\",\"position\":2,\"name\":\"Bienvenue \u00e0 la Ferme de la Combe Tabeillon\"}]},{\"@type\":\"WebSite\",\"@id\":\"http:\/\/www.combetabeillon.ch\/#website\",\"url\":\"http:\/\/www.combetabeillon.ch\/\",\"name\":\"Baurnhof der Combe Tabeillon\",\"description\":\"\",\"potentialAction\":[{\"@type\":\"SearchAction\",\"target\":{\"@type\":\"EntryPoint\",\"urlTemplate\":\"http:\/\/www.combetabeillon.ch\/?s={search_term_string}\"},\"query-input\":\"required name=search_term_string\"}],\"inLanguage\":\"de-DE\"}]}<\/script>\n<!-- \/ Yoast SEO plugin. -->","yoast_head_json":{"title":"Bienvenue \u00e0 la ferme de la Combe Tabeillon","description":"La ferme de la Combe Tabeillon est un h\u00e9bergement collectif situ\u00e9 au c\u0153ur du Jura dans un cadre naturel exceptionnel. Id\u00e9al pour les classes vertes.Farm Combe Tabeillon eine Gruppe Unterkunft im Herzen des Jura in einer nat\u00fcrlichen Umgebung. Ideal f\u00fcr Natur Klassen.","robots":{"index":"index","follow":"follow","max-snippet":"max-snippet:-1","max-image-preview":"max-image-preview:large","max-video-preview":"max-video-preview:-1"},"canonical":"http:\/\/www.combetabeillon.ch\/","og_locale":"de_DE","og_type":"article","og_title":"Bienvenue \u00e0 la ferme de la Combe Tabeillon","og_description":"La ferme de la Combe Tabeillon est un h\u00e9bergement collectif situ\u00e9 au c\u0153ur du Jura dans un cadre naturel exceptionnel. Id\u00e9al pour les classes vertes.Farm Combe Tabeillon eine Gruppe Unterkunft im Herzen des Jura in einer nat\u00fcrlichen Umgebung. Ideal f\u00fcr Natur Klassen.","og_url":"http:\/\/www.combetabeillon.ch\/","og_site_name":"Baurnhof der Combe Tabeillon","article_modified_time":"2019-05-20T07:12:05+00:00","og_image":[{"url":"http:\/\/combetabeillon.ch\/2015\/wp-content\/uploads\/vuesdensemble021-e1429190265136-278x300.jpg"}],"twitter_misc":{"Gesch\u00e4tzte Lesezeit":"2 Minuten"},"schema":{"@context":"https:\/\/schema.org","@graph":[{"@type":"WebPage","@id":"http:\/\/www.combetabeillon.ch\/","url":"http:\/\/www.combetabeillon.ch\/","name":"Bienvenue \u00e0 la ferme de la Combe Tabeillon","isPartOf":{"@id":"http:\/\/www.combetabeillon.ch\/#website"},"datePublished":"2015-02-19T04:39:33+00:00","dateModified":"2019-05-20T07:12:05+00:00","description":"La ferme de la Combe Tabeillon est un h\u00e9bergement collectif situ\u00e9 au c\u0153ur du Jura dans un cadre naturel exceptionnel. Id\u00e9al pour les classes vertes.Farm Combe Tabeillon eine Gruppe Unterkunft im Herzen des Jura in einer nat\u00fcrlichen Umgebung. Ideal f\u00fcr Natur Klassen.","breadcrumb":{"@id":"http:\/\/www.combetabeillon.ch\/#breadcrumb"},"inLanguage":"de-DE","potentialAction":[{"@type":"ReadAction","target":["http:\/\/www.combetabeillon.ch\/"]}]},{"@type":"BreadcrumbList","@id":"http:\/\/www.combetabeillon.ch\/#breadcrumb","itemListElement":[{"@type":"ListItem","position":1,"name":"Accueil","item":"http:\/\/www.combetabeillon.ch\/"},{"@type":"ListItem","position":2,"name":"Bienvenue \u00e0 la Ferme de la Combe Tabeillon"}]},{"@type":"WebSite","@id":"http:\/\/www.combetabeillon.ch\/#website","url":"http:\/\/www.combetabeillon.ch\/","name":"Baurnhof der Combe Tabeillon","description":"","potentialAction":[{"@type":"SearchAction","target":{"@type":"EntryPoint","urlTemplate":"http:\/\/www.combetabeillon.ch\/?s={search_term_string}"},"query-input":"required name=search_term_string"}],"inLanguage":"de-DE"}]}},"_links":{"self":[{"href":"http:\/\/www.combetabeillon.ch\/de\/wp-json\/wp\/v2\/pages\/2"}],"collection":[{"href":"http:\/\/www.combetabeillon.ch\/de\/wp-json\/wp\/v2\/pages"}],"about":[{"href":"http:\/\/www.combetabeillon.ch\/de\/wp-json\/wp\/v2\/types\/page"}],"author":[{"embeddable":true,"href":"http:\/\/www.combetabeillon.ch\/de\/wp-json\/wp\/v2\/users\/1"}],"replies":[{"embeddable":true,"href":"http:\/\/www.combetabeillon.ch\/de\/wp-json\/wp\/v2\/comments?post=2"}],"version-history":[{"count":19,"href":"http:\/\/www.combetabeillon.ch\/de\/wp-json\/wp\/v2\/pages\/2\/revisions"}],"predecessor-version":[{"id":975,"href":"http:\/\/www.combetabeillon.ch\/de\/wp-json\/wp\/v2\/pages\/2\/revisions\/975"}],"wp:attachment":[{"href":"http:\/\/www.combetabeillon.ch\/de\/wp-json\/wp\/v2\/media?parent=2"}],"curies":[{"name":"wp","href":"https:\/\/api.w.org\/{rel}","templated":true}]}}